{"id":3255,"date":"2020-06-10T05:06:38","date_gmt":"2020-06-10T02:06:38","guid":{"rendered":"https:\/\/standard.md\/?page_id=3255"},"modified":"2025-06-06T14:15:02","modified_gmt":"2025-06-06T11:15:02","slug":"cooperare-de-standardizare","status":"publish","type":"page","link":"https:\/\/standard.md\/?page_id=3255","title":{"rendered":"Cooperare de standardizare"},"content":{"rendered":"<p>[vc_row][vc_column][vc_tta_tabs][vc_tta_section title=&#8221;Interna\u0163ional\u0103&#8221; tab_id=&#8221;1606890117290-1e6e06ac-86a0&#8243;][vc_row_inner][vc_column_inner width=&#8221;3\/12&#8243;][vc_single_image image=&#8221;3419&#8243; img_size=&#8221;large&#8221; parallax_scroll=&#8221;no&#8221;][\/vc_column_inner][vc_column_inner width=&#8221;9\/12&#8243;][vc_column_text text_larger=&#8221;no&#8221;]<strong><a href=\"http:\/\/www.iso.org\/iso\/home.html\" target=\"_blank\" rel=\"noopener noreferrer\">Organiza\u0163ia Interna\u0163ional\u0103 de Standardizare (ISO)\u00a0<\/a><\/strong>&#8211; este o organiza\u021bie interna\u021bional\u0103, non-guvernamental\u0103 instituit\u0103 \u00een 1947, ca succesoare a Federa\u021biei Interna\u021bionale a Asocia\u021biilor Na\u021bionale de Standardizare (ISA) \u00eenfiin\u021bat\u0103 \u00een 1926, care a pus bazele cooper\u0103rii interna\u021bionale \u00een activit\u0103\u021bile de standardizare.<\/p>\n<p>Printre obiectivele standardelor\u00a0<a href=\"http:\/\/www.iso.org\/iso\/home.html\">ISO<\/a> se num\u0103r\u0103: asigurarea calit\u0103\u021bii, securit\u0103\u021bii ecologice, siguran\u0163ei, economiei, fiabilit\u0103\u021bii, compatibilit\u0103\u021bii, interoperabilit\u0103\u021bii, eficien\u0163ei, eficacit\u0103\u021bii, precum \u015fi a altor caracteristici esen\u0163iale; de asemenea, standardele ISO faciliteaz\u0103 comer\u0163ul \u015fi accelereaz\u0103 transferul tehnologic.<\/p>\n<p>ISO \u00ee\u0219i desf\u0103\u0219oar\u0103 activitatea de standardizare interna\u021bional\u0103 \u00een toate domeniile, mai pu\u021bin \u00een domeniul electrotehnic. ISO are 163 de membri, dintre care 118 membri cu drepturi depline, 41 membri coresponden\u021bi \u0219i 4 membri abona\u021bi.<\/p>\n<p>Republica Moldova a devenit membru corespondent al ISO \u00een anul 1997.<\/p>\n<p>Consulta\u021bi catalogul standardelor interna\u021bionale ISO\u00a0<a href=\"https:\/\/www.iso.org\/ru\/home\/store\/standards-catalogue\/browse-by-ics.html\" target=\"_blank\" rel=\"noopener noreferrer\">aici<\/a>.[\/vc_column_text][\/vc_column_inner][\/vc_row_inner][vc_row_inner][vc_column_inner width=&#8221;3\/12&#8243;][vc_single_image image=&#8221;3421&#8243; img_size=&#8221;large&#8221; parallax_scroll=&#8221;no&#8221;][\/vc_column_inner][vc_column_inner width=&#8221;9\/12&#8243;][vc_column_text text_larger=&#8221;no&#8221;]<strong><a href=\"http:\/\/www.iec.ch\/\" target=\"_blank\" rel=\"noopener noreferrer\">Comisia Electrotehnic\u0103 Interna\u0163ional\u0103 (IEC)\u00a0<\/a><\/strong>&#8211; este o organiza\u021bie non-guvernamental\u0103, non-profit, fondat\u0103 \u00een 1906. Membrii IEC s\u00eent comitete na\u021bionale din 83 de state (dintre care 60 membri cu drepturi depline \u0219i 23 membri asocia\u021bi), care includ reprezentan\u021bi ai industriei, autorit\u0103\u021bilor de reglementare, asocia\u021biilor profesionale \u0219i mediului academic.<\/p>\n<p>Obiectivul<strong>\u00a0<\/strong><a href=\"http:\/\/www.iec.ch\/\">IEC<\/a><strong>\u00a0\u00a0<\/strong>este deservirea pie\u021belor globale \u0219i societ\u0103\u021bii prin activit\u0103\u021bile sale de standardizare \u0219i evaluare a conformit\u0103\u021bii \u00een domeniul electric \u0219i electronic. IEC promoveaz\u0103 comer\u021bul mondial \u0219i dezvoltarea economic\u0103, \u00eencuraj\u00eend crearea produselor, sistemelor \u0219i serviciilor sigure, eficiente \u0219i cu un impact redus asupra mediului \u00eenconjur\u0103tor.<\/p>\n<p>Republica Moldova a devenit membru asociat al IEC la 27 ianuarie 2012 prin intermediul Comitetului Electrotehnic Moldovean\u00a0(CEM), ob\u021bin\u00eend astfel acces deplin la documentele de lucru. Totodat\u0103, CEM are drept limitat de vot \u00een activitatea tehnic\u0103 a IEC, fiind membru participant \u00een cadrul a trei comitete tehnice IEC: CT 13\u00a0<em>M\u0103surarea energiei electrice, tarife \u0219i controlul sarcinii<\/em>, CT 34\u00a0<em>L\u0103mpi \u0219i echipamentul asociat<\/em>\u00a0\u0219i CT 88\u00a0<em>Turbine eoliene<\/em>, iar reprezentan\u021bii Republicii Moldova nu pot fi ale\u0219i \u00een func\u021bii de conducere \u00een cadrul IEC.<\/p>\n<p>Consulta\u021bi catalogul standardelor interna\u021bionale IEC\u00a0<a href=\"https:\/\/webstore.iec.ch\/?ref=menu\" target=\"_blank\" rel=\"noopener noreferrer\">aici<\/a>.[\/vc_column_text][\/vc_column_inner][\/vc_row_inner][vc_row_inner][vc_column_inner width=&#8221;3\/12&#8243;][vc_single_image image=&#8221;3422&#8243; img_size=&#8221;large&#8221; parallax_scroll=&#8221;no&#8221;][\/vc_column_inner][vc_column_inner width=&#8221;9\/12&#8243;][vc_column_text text_larger=&#8221;no&#8221;]<strong><a href=\"http:\/\/www.itu.int\/ru\/Pages\/default.aspx\" target=\"_blank\" rel=\"noopener noreferrer\">Uniunea Interna\u0163ional\u0103 a Telecomunica\u0163iilor<\/a><a href=\"http:\/\/www.itu.int\/ru\/Pages\/default.aspx\" target=\"_blank\" rel=\"noopener noreferrer\">\u00a0(ITU)<\/a>\u00a0<\/strong>&#8211; este agen\u021bia Na\u021biunilor Unite specializat\u0103 \u00een tehnologia informa\u021biei \u0219i comunica\u021biilor.\u00a0<a href=\"http:\/\/www.itu.int\/ru\/Pages\/default.aspx\">ITU\u00a0<\/a>a fost fondat\u0103 \u00een 1865. La momentul actual, ITU are \u00een calitate de membri 193 de state \u0219i peste 700 de companii private.<\/p>\n<p>Printre obiectivele ITU se num\u0103r\u0103 \u0219i elaborarea standardelor ITU (numite recomand\u0103ri), care s\u00eent fundamentale pentru operarea corect\u0103 a re\u021belelor tehnologiei informa\u021biei \u0219i comunica\u021biilor at\u00eet la nivel na\u021bional, c\u00eet \u0219i la nivel mondial.<\/p>\n<p>Republica Moldova, prin intermediul Ministerului Tehnologiei Informa\u021biei \u0219i Comunica\u021biilor, este membru ITU din 1992.[\/vc_column_text][\/vc_column_inner][\/vc_row_inner][\/vc_tta_section][vc_tta_section title=&#8221;European\u0103&#8221; tab_id=&#8221;1606890222588-7c400955-0313&#8243;][vc_row_inner][vc_column_inner width=&#8221;3\/12&#8243;][vc_single_image image=&#8221;3424&#8243; img_size=&#8221;large&#8221; parallax_scroll=&#8221;no&#8221;][\/vc_column_inner][vc_column_inner width=&#8221;9\/12&#8243;][vc_column_text text_larger=&#8221;no&#8221;]<strong><a href=\"http:\/\/www.cen.eu\/cen\/Pages\/default.aspx\" target=\"_blank\" rel=\"noopener noreferrer\">Comitetul European de Standardizare<\/a>\u00a0(CEN)<\/strong> &#8211; a fost creat \u00een calitate de asocia\u021bie non-profit \u00een 1975. Obiectivul\u00a0<a href=\"https:\/\/www.cen.eu\/Pages\/default.aspx\">CEN<\/a>\u00a0este \u00eenl\u0103turarea barierelor \u00een calea comer\u021bului european. CEN are misiunea de a sus\u021bine economia european\u0103 \u00een cadrul comer\u021bului global, pentru bun\u0103starea cet\u0103\u021benilor europeni concomitent cu protejarea mediului \u00eenconjur\u0103tor. Domeniul de activitate al CEN se refer\u0103 la toate activit\u0103\u021bile economice, \u00een afar\u0103 de electrotehnologie (<a href=\"http:\/\/cenelec.eu\/\">CENELEC<\/a>) \u0219i telecomunica\u021bii (<a href=\"http:\/\/www.etsi.org\/\">ETSI<\/a>).<\/p>\n<p>CEN are 33 de membri na\u021bionali, care conlucreaz\u0103 \u00een scopul elabor\u0103rii standardelor europene. Peste 60\u00a0000 de exper\u021bi tehnici, precum \u0219i reprezentan\u021bi ai mediului de afaceri \u0219i consumatori s\u00eent implica\u021bi \u00een re\u021beaua CEN, care cuprinde peste 600 de milioane de oameni.<\/p>\n<p>Republica Moldova a devenit membru partener al CEN \u00een anul 2007, ulterior, \u00een 2009, Moldova ob\u021bine statutul de membru afiliat al CEN.<\/p>\n<p>\u00cen anul 2017 Republica Moldova devine membru companion al CEN.<\/p>\n<p>\u00cen anul 2023 Republica Moldova a devenit membru afiliat al CEN.<\/p>\n<p>Consulta\u021bi catalogul standardelor europene CEN\u00a0<a href=\"https:\/\/standards.cen.eu\/dyn\/www\/f?p=CENWEB:105::RESET\" target=\"_blank\" rel=\"noopener noreferrer\">aici<\/a>.[\/vc_column_text][\/vc_column_inner][\/vc_row_inner][vc_row_inner][vc_column_inner width=&#8221;3\/12&#8243;][vc_single_image image=&#8221;3425&#8243; img_size=&#8221;large&#8221; parallax_scroll=&#8221;no&#8221;][\/vc_column_inner][vc_column_inner width=&#8221;9\/12&#8243;][vc_column_text text_larger=&#8221;no&#8221;]<strong><a href=\"http:\/\/www.cenelec.eu\/\" target=\"_blank\" rel=\"noopener noreferrer\">Comitetul European de Standardizare \u00een Electrotehnic\u0103 (CENELEC)<\/a><\/strong>\u00a0&#8211; este\u00a0 o organiza\u021bie tehnic\u0103 non-profit fondat\u0103 \u00een 1973.\u00a0<a href=\"http:\/\/www.cenelec.eu\/\">CENELEC<\/a> reprezint\u0103 o platform\u0103 pentru exper\u021bii care elaboreaz\u0103 standarde europene \u00een domeniul electrotehnic, care s\u0103 faciliteze comer\u021bul \u00eentre state prin \u00eenl\u0103turarea barierelor tehnice, s\u0103 favorizeze crearea unor noi pie\u021be, precum \u0219i reducerea costurilor \u0219i dezvoltarea Pie\u021bei Europene.<\/p>\n<p>Totodat\u0103, CENELEC faciliteaz\u0103 \u0219i comer\u021bul interna\u021bional prin adoptarea standardelor interna\u021bionale IEC pentru domeniile \u00een care acestea exist\u0103.<\/p>\n<p>\u00cen economia global\u0103, CENELEC promoveaz\u0103 inovarea \u0219i competitivitatea, f\u0103c\u00eend tehnologiile disponibile pentru toate domeniile industriale prin elaborarea standardelor voluntare.<\/p>\n<p>CENELEC are 33 de state membre \u0219i 13 membri afilia\u021bi.<\/p>\n<p>Republica Moldova a devenit membru afiliat al CENELEC \u00een anul 2014, ulterior, \u00een 2017 Moldova ob\u021bine statutul de membru companion al CENELEC.<\/p>\n<p>\u00cen anul 2023 Republica Moldova a devenit membru afiliat al CENELEC.<\/p>\n<p>Consulta\u021bi catalogul standardelor europene CENELEC <a href=\"https:\/\/www.cenelec.eu\/dyn\/www\/f?p=104:104:175145061097301::::FSP_LANG_ID:25\" target=\"_blank\" rel=\"noopener noreferrer\">aici<\/a>.[\/vc_column_text][\/vc_column_inner][\/vc_row_inner][vc_row_inner][vc_column_inner width=&#8221;3\/12&#8243;][vc_single_image image=&#8221;3426&#8243; img_size=&#8221;large&#8221; parallax_scroll=&#8221;no&#8221;][\/vc_column_inner][vc_column_inner width=&#8221;9\/12&#8243;][vc_column_text text_larger=&#8221;no&#8221;]<strong><a href=\"http:\/\/www.etsi.org\/\" target=\"_blank\" rel=\"noopener noreferrer\">Institutul European de Standardizare \u00een Telecomunica\u021bii (ETSI)<\/a><\/strong>\u00a0&#8211; este o organiza\u021bie non-profit fondat\u0103 \u00een 1988, care elaboreaz\u0103 standarde aplicabile la nivel global pentru domeniul tehnologiei informa\u021biei \u0219i comunica\u021biilor.<\/p>\n<p>Obiectivul\u00a0<a href=\"http:\/\/www.etsi.org\/\">ETSI<\/a> este elaborarea \u0219i men\u021binerea standardelor tehnice inovative \u0219i de calitate \u00een domeniul tehnologiei informa\u021biei \u0219i comunica\u021biilor prin utilizarea metodologiilor \u0219i proceselor moderne.<\/p>\n<p>ETSI are peste 750 de organiza\u021bii membre din 63 de state.<\/p>\n<p>Republica Moldova a devenit membru observator al ETSI \u00een anul 2014.[\/vc_column_text][\/vc_column_inner][\/vc_row_inner][\/vc_tta_section][vc_tta_section title=&#8221;Regional\u0103&#8221; tab_id=&#8221;1606890219145-e5d0a583-c671&#8243;][vc_row_inner][vc_column_inner width=&#8221;3\/12&#8243;][vc_single_image image=&#8221;3429&#8243; img_size=&#8221;large&#8221; parallax_scroll=&#8221;no&#8221;][\/vc_column_inner][vc_column_inner width=&#8221;9\/12&#8243;][vc_column_text text_larger=&#8221;no&#8221;]<strong><a href=\"http:\/\/www.basb.org\/\" target=\"_blank\" rel=\"noopener noreferrer\">Asocia\u021bia Interregional\u0103 de Standardizare (IRSA)<\/a><\/strong>\u00a0&#8211; a fost fondat\u0103 \u00een 1991.<\/p>\n<p>Printre obiectivele\u00a0<a href=\"https:\/\/www.tse.org.tr\/en\/\">IRSA<\/a>\u00a0se num\u0103r\u0103 cooperarea \u00een domeniul standardiz\u0103rii \u0219i domeniilor conexe \u00eentre membrii IRSA pentru facilitarea comer\u021bului \u0219i pentru dezvoltarea cooper\u0103rii \u00een domeniul \u0219tiin\u021bific, tehnic \u0219i economic; cooperarea \u00een scopul stabilirii principalelor direc\u021bii \u00een problemele aplic\u0103rii standardelor ISO, IEC, CEN \u0219i CENELEC, cu referire la protec\u021bia s\u0103n\u0103t\u0103\u021bii oamenilor, securitatea produselor, siguran\u021ba mediului \u00eenconjur\u0103tor, asigurarea drepturilor consumatorilor etc.; precum \u0219i cooperarea \u00een domeniul instruirilor.<\/p>\n<p>Republica Moldova este membru fondator cu drepturi depline al IRSA.[\/vc_column_text][\/vc_column_inner][\/vc_row_inner][\/vc_tta_section][vc_tta_section title=&#8221;Nivel na\u0163ional&#8221; tab_id=&#8221;1606890217168-f800ad54-33ff&#8221;][vc_row_inner][vc_column_inner width=&#8221;3\/12&#8243;][vc_single_image image=&#8221;11817&#8243; img_size=&#8221;large&#8221; parallax_scroll=&#8221;no&#8221;][\/vc_column_inner][vc_column_inner width=&#8221;9\/12&#8243;][vc_column_text text_larger=&#8221;no&#8221;]<strong><a href=\"https:\/\/acreditare.md\/\" target=\"_blank\" rel=\"noopener noreferrer\">Centrul Na\u021bional de Acreditare din Republica Moldova (MOLDAC)<\/a>\u00a0<\/strong>&#8211; este organismul na\u021bional unic de acreditare \u0219i are drept scop implementarea politicii de stat \u00een domeniul acredit\u0103rii \u0219i evalu\u0103rii conformit\u0103\u021bii, conferind \u00eencredere \u00een competen\u021ba tehnic\u0103, impar\u021bialitatea \u0219i integritatea organismelor de evaluare a conformit\u0103\u021bii acreditate, precum \u0219i promovarea liberei circula\u021bii a produselor, cre\u0219terea competitivit\u0103\u021bii produselor \u0219i serviciilor, ap\u0103rarea drepturilor \u0219i intereselor consumatorului, asigurarea protec\u021biei vie\u021bii, s\u0103n\u0103t\u0103\u021bii \u0219i securit\u0103\u021bii persoanelor \u0219i a mediului.<\/p>\n<p><a href=\"http:\/\/www.acreditare.md\/\">MOLDAC<\/a>\u00a0se supune evalu\u0103rii la nivel interna\u021bional \u0219i european de omologi pe baza unor criterii \u0219i proceduri de evaluare clare \u0219i transparente stabilite de organismele europene \u0219i interna\u021bionale EA (Cooperarea European\u0103 pentru Acreditare), IAF (Forumul Interna\u021bional de Acreditare) \u0219i ILAC (Cooperarea Interna\u021bional\u0103 pentru Acreditarea Laboratoarelor).<\/p>\n<p><span style=\"font-weight: 400\">\u00cen anul 2013 a fost semnat <\/span><i><span style=\"font-weight: 400\">Acordul de Colaborare<\/span><\/i><span style=\"font-weight: 400\"> \u00eentre Institutul de Standardizare din Moldova \u0219i <\/span><span style=\"font-weight: 400\">Centrul Na\u021bional de Acreditare din Republica Moldova.<\/span>[\/vc_column_text][\/vc_column_inner][\/vc_row_inner][vc_row_inner][vc_column_inner width=&#8221;3\/12&#8243;][vc_single_image image=&#8221;8056&#8243; img_size=&#8221;large&#8221; parallax_scroll=&#8221;no&#8221;][\/vc_column_inner][vc_column_inner width=&#8221;9\/12&#8243;][vc_column_text text_larger=&#8221;no&#8221;]<strong><a href=\"https:\/\/usm.md\/\">Universitatea de Stat din Moldova (USM)<\/a><\/strong><span style=\"font-weight: 400\"> \u2013 <\/span><span style=\"font-weight: 400\">este una din principalele institu\u021bii de \u00eenv\u0103\u021b\u0103m\u00e2nt superior din Republica Moldova.<\/span><\/p>\n<p><span style=\"font-weight: 400\">Universitatea de Stat din Moldova este o institu\u0163ie de stat de \u00eenv\u0103\u0163\u0103m\u00e2nt superior a c\u0103rei misiune este<\/span><span style=\"font-weight: 400\">:<\/span><\/p>\n<ul>\n<li style=\"font-weight: 400\"><span style=\"font-weight: 400\">formarea cadrelor de \u00eenalt\u0103 calificare pentru economia na\u0163ional\u0103, capabile s\u0103 activeze \u00een condi\u0163iile, \u00een schimbare ale vie\u0163ii \u015fi economiei de pia\u0163\u0103;<\/span><\/li>\n<li style=\"font-weight: 400\"><span style=\"font-weight: 400\">organizarea \u015fi desf\u0103\u015furarea de cercet\u0103ri \u015ftiin\u0163ifice fundamentale \u015fi aplicative, orientate spre solu\u0163ionarea problemelor actuale socio-economice \u015fi realizarea transferului tehnologic al rezultatelor cercet\u0103rii \u015ftiin\u0163ifice universitare.<\/span><\/li>\n<\/ul>\n<p><span style=\"font-weight: 400\">\u00cen\u00a0 anul 2014 a fost semnat <\/span><i><span style=\"font-weight: 400\">Acordul de Colaborare<\/span><\/i><span style=\"font-weight: 400\"> \u00eentre Institutul de Standardizare din Moldova \u0219i Universitatea de Stat din Moldova.<\/span>[\/vc_column_text][\/vc_column_inner][\/vc_row_inner][vc_row_inner][vc_column_inner width=&#8221;3\/12&#8243;][vc_single_image image=&#8221;8059&#8243; img_size=&#8221;large&#8221; parallax_scroll=&#8221;no&#8221;][\/vc_column_inner][vc_column_inner width=&#8221;9\/12&#8243;][vc_column_text text_larger=&#8221;no&#8221;]<strong><a href=\"https:\/\/www.uasm.md\/\">Universitatea Agrar\u0103 de Stat din Moldova (UASM)<\/a><\/strong><span style=\"font-weight: 400\"> \u2013 <\/span><span style=\"font-weight: 400\">este <\/span><span style=\"font-weight: 400\">unica institu\u0163ie de \u00eenv\u0103\u0163\u0103m\u00e2nt superior agricol din Republica Moldova.<\/span><\/p>\n<p><span style=\"font-weight: 400\">Universitatea Agrar\u0103 de Stat din Moldova s-a afirmat \u015fi printr-un nucleu \u015ftiin\u0163ific de mare importan\u0163\u0103 at\u00e2t pe plan intern, c\u00e2t \u015fi interna\u0163ional.<\/span><\/p>\n<p><span style=\"font-weight: 400\">La 4 octombrie 2013, \u00een semn de \u00eenalt\u0103 apreciere a meritelor deosebite \u00een dezvoltarea \u00eenv\u0103\u0163\u0103m\u00e2ntului universitar, pentru contribu\u0163ie substan\u0163ial\u0103 la preg\u0103tirea speciali\u015ftilor de \u00eenalt\u0103 calificare \u015fi activitate metodico-\u015ftiin\u0163ific\u0103 prodigioas\u0103, Universit\u0103\u0163ii Agrare de Stat din Moldova i s-a conferit \u00eenalta distinc\u0163ie de stat \u201eOrdinul Republicii\u201d<\/span><\/p>\n<p><span style=\"font-weight: 400\">\u00cen anul 2015 a fost semnat <\/span><i><span style=\"font-weight: 400\">Acordul de Colaborare <\/span><\/i><span style=\"font-weight: 400\">\u00eentre Institutul Na\u021bional de Standardizare \u0219i Universitatea Agrar\u0103 de Stat din Moldova.<\/span>[\/vc_column_text][\/vc_column_inner][\/vc_row_inner][vc_row_inner][vc_column_inner width=&#8221;3\/12&#8243;][vc_single_image image=&#8221;8060&#8243; img_size=&#8221;large&#8221; parallax_scroll=&#8221;no&#8221;][\/vc_column_inner][vc_column_inner width=&#8221;9\/12&#8243;][vc_column_text text_larger=&#8221;no&#8221;]<strong><a href=\"https:\/\/ase.md\/\">Academia de Studii Economice din Moldova\u00a0(ASEM)<\/a><\/strong><span style=\"font-weight: 400\"> \u2013 <\/span><span style=\"font-weight: 400\">este cea mai mare institu\u021bie de \u00eenv\u0103\u021b\u0103m\u00e2nt superior cu profil economic Republica Moldova.<\/span><\/p>\n<p><span style=\"font-weight: 400\">Misiunea ASEM este de a genera \u015fi a transfera cuno\u015ftin\u0163e prin:<\/span><\/p>\n<ul>\n<li style=\"font-weight: 400\"><span style=\"font-weight: 400\">sprijinirea dezvolt\u0103rii \u015fi afirm\u0103rii studen\u0163ilor \u015fi cercet\u0103torilor \u00een domeniul \u015ftiin\u0163elor economice \u015fi administrative, precum \u015fi \u00een alte subdomenii ale \u015ftiin\u0163elor sociale \u015fi umaniste;<\/span><\/li>\n<li style=\"font-weight: 400\"><span style=\"font-weight: 400\">cercetare \u015ftiin\u0163ific\u0103 avansat\u0103 raportat\u0103 la cerin\u021bele sociale prin programe de studii de \u00eenalt\u0103 calitate pe toate ciclurile \u015fi \u00een toate formele preg\u0103tirii universitare \u015fi postuniversitare;<\/span><\/li>\n<li style=\"font-weight: 400\"><span style=\"font-weight: 400\">generarea de cunoa\u015ftere avansat\u0103;<\/span><\/li>\n<li style=\"font-weight: 400\"><span style=\"font-weight: 400\">educa\u0163ie \u015fi formare continu\u0103 a adul\u0163ilor.<\/span><\/li>\n<\/ul>\n<p><span style=\"font-weight: 400\">Asum\u00e2ndu-\u015fi voca\u0163ia \u015fi valorile statuate la \u00eenfiin\u0163are \u015fi respect\u00e2nd tradi\u0163ia institu\u021bional\u0103 dezvoltat\u0103 \u00een decursul deceniilor de personalit\u0103\u0163ile care au consacrat-o \u00een \u0163ar\u0103 \u015fi peste hotare, ASEM \u00ee\u015fi propune s\u0103 fie universitate de referin\u0163\u0103 pentru zona Europei Centrale.<\/span><\/p>\n<p><span style=\"font-weight: 400\">\u00cen anul 2015 a fost semnat <\/span><i><span style=\"font-weight: 400\">Acordul de Colaborare<\/span><\/i><span style=\"font-weight: 400\"> \u00eentre Institutul de Standardizare din Moldova \u0219i Academia de Studii Economice din Moldova.<\/span>[\/vc_column_text][\/vc_column_inner][\/vc_row_inner][vc_row_inner][vc_column_inner width=&#8221;3\/12&#8243;][vc_single_image image=&#8221;11818&#8243; img_size=&#8221;large&#8221; parallax_scroll=&#8221;no&#8221;][\/vc_column_inner][vc_column_inner width=&#8221;9\/12&#8243;][vc_column_text text_larger=&#8221;no&#8221;]<strong><a href=\"https:\/\/consumator.gov.md\/\">Inspectoratul de Stat pentru Supravegherea Produselor Nealimentare \u0219i Protec\u021bia Consumatorilor (ISSPNPC)<\/a>\u00a0<\/strong>&#8211;\u00a0este o autoritate administrativ\u0103, responsabil\u0103 de implementarea politicii \u00een domeniul protec\u0163iei consumatorilor \u015fi de efectuare a controlului de stat asupra respect\u0103rii prevederilor legisla\u0163iei \u00een acest domeniu, precum \u015fi a controlului de stat privind corespunderea produselor \u015fi\/sau a serviciilor plasate pe pia\u0163\u0103 cerin\u0163elor prescrise sau declarate \u015fi respectarea prevederilor actelor normative \u00een domeniul metrologiei legale, a normelor \u015fi regulilor de desf\u0103\u015furare a activit\u0103\u0163ilor de comer\u0163.<\/p>\n<p style=\"font-weight: 400\"><a href=\"http:\/\/consumator.gov.md\/\">APCSP<\/a>\u00a0are misiunea de implementare a politicii \u015fi strategiilor \u00een domeniul protec\u0163iei consumatorilor, precum \u015fi de supraveghere a respect\u0103rii actelor normative din domeniul respectiv \u00een limitele competen\u0163elor atribuite.<\/p>\n<p style=\"font-weight: 400\"><span style=\"font-weight: 400\">\u00cen anul 2016 a fost semnat <\/span><i><span style=\"font-weight: 400\">Acordul de Colaborare<\/span><\/i><span style=\"font-weight: 400\"> \u00eentre Institutul de Standardizare din Moldova \u0219i <\/span><span style=\"font-weight: 400\">Agen\u021bia pentru Protec\u021bia Consumatorilor \u0219i Supravegherea Pie\u021bei.<\/span><\/p>\n<p>[\/vc_column_text][\/vc_column_inner][\/vc_row_inner][vc_row_inner][vc_column_inner width=&#8221;3\/12&#8243;][vc_single_image image=&#8221;11815&#8243; img_size=&#8221;large&#8221; parallax_scroll=&#8221;no&#8221;][\/vc_column_inner][vc_column_inner width=&#8221;9\/12&#8243;][vc_column_text text_larger=&#8221;no&#8221;]<\/p>\n<p style=\"font-weight: 400\"><a href=\"https:\/\/www.oda.md\/\"><strong>Organiza\u021bia pentru Dezvoltarea Antreprenoriatului (ODA)<\/strong><\/a>\u00a0\u2013 are misiunea de a contribui la sporirea competitivit\u0103\u0163ii economiei na\u0163ionale prin sus\u0163inerea dezvolt\u0103rii sectorului \u00ceMM pentru a crea oportunit\u0103\u0163i de \u00a0lansare \u015fi dezvoltare a unor afaceri de succes \u00een Republica Moldova.<\/p>\n<p style=\"font-weight: 400\">Printre principalele atribu\u021biile ale ODIMM se enumer\u0103: elaborarea \u0219i implementarea programelor \u0219i proiectelor de dezvoltare a sectorului IMM; administrarea Fondului de Stat de Garantare a Creditelor; acordarea serviciilor de consultan\u021b\u0103 \u0219i instruire a managerilor \u0219i angaja\u021bilor IMM; crearea \u0219i dezvoltarea unei re\u021bele de Incubatoare de Afaceri \u00een Republica Moldova; sus\u021binerea dezvolt\u0103rii asocia\u021bilor \u0219i institu\u021bilor de suport \u00een afaceri, precum \u0219i cooperarea cu organiza\u021biile na\u021bionale \u0219i interna\u021bionale similare.<\/p>\n<p style=\"font-weight: 400\"><span style=\"font-weight: 400\">\u00cen anul 2016 a fost semnat <\/span><i><span style=\"font-weight: 400\">Acordul de Colaborare<\/span><\/i><span style=\"font-weight: 400\"> \u00eentre Institutul de Standardizare din Moldova \u0219i <\/span><span style=\"font-weight: 400\">Organiza\u0163ia pentru Dezvoltarea Sectorului \u00centreprinderilor Mici \u015fi Mijlocii.<\/span><\/p>\n<p>[\/vc_column_text][\/vc_column_inner][\/vc_row_inner][vc_row_inner][vc_column_inner width=&#8221;3\/12&#8243;][vc_single_image image=&#8221;8068&#8243; img_size=&#8221;large&#8221; parallax_scroll=&#8221;no&#8221;][\/vc_column_inner][vc_column_inner width=&#8221;9\/12&#8243;][vc_column_text text_larger=&#8221;no&#8221;]<a href=\"https:\/\/www.anacec.md\/\"><span style=\"font-weight: 400\"><strong>Agen\u021bia Na\u021bional\u0103 de Asigurare a Calit\u0103\u021bii \u00een Educa\u021bie \u0219i Cercetare\u00a0(ANACEC)<\/strong><\/span><\/a><strong>\u00a0<\/strong><span style=\"font-weight: 400\">\u2013 <\/span><span style=\"font-weight: 400\">este o autoritate administrativ\u0103 de interes na\u0163ional,<\/span><span style=\"font-weight: 400\"> care r<\/span><span style=\"font-weight: 400\">ealizeaz\u0103 politicile statului \u00een domeniul asigur\u0103rii calit\u0103\u0163ii \u00een \u00eenv\u0103\u021b\u0103m\u00e2ntul profesional tehnic, superior \u015fi de formare continua.<\/span><\/p>\n<p><span style=\"font-weight: 400\">Misiunea ANACEC\u00a0const\u0103 \u00een dezvoltarea \u0219i promovarea culturii calit\u0103\u0163ii \u00een domeniul \u00eenv\u0103\u0163\u0103m\u00e2ntului profesional tehnic, superior \u015fi \u00een formarea continu\u0103, contribuind la sporirea competitivit\u0103\u0163ii economice \u0219i coeziunii sociale \u00een Republica Moldova.<\/span><\/p>\n<p><span style=\"font-weight: 400\">\u00cen anul 2016 a fost semnat <\/span><i><span style=\"font-weight: 400\">Acordul de Colaborare<\/span><\/i><span style=\"font-weight: 400\"> \u00eentre Institutul de Standardizare din Moldova \u0219i <\/span><span style=\"font-weight: 400\">Agen\u021bia Na\u021bional\u0103 de Asigurare a Calit\u0103\u021bii \u00een Educa\u021bie \u0219i Cercetare<\/span><span style=\"font-weight: 400\">.<\/span>[\/vc_column_text][\/vc_column_inner][\/vc_row_inner][vc_row_inner][vc_column_inner width=&#8221;3\/12&#8243;][vc_single_image image=&#8221;8069&#8243; img_size=&#8221;large&#8221; parallax_scroll=&#8221;no&#8221;][\/vc_column_inner][vc_column_inner width=&#8221;9\/12&#8243;][vc_column_text text_larger=&#8221;no&#8221;]<strong><a href=\"https:\/\/uspee.md\/\"><span style=\"font-weight: 400\"><strong>Universitatea de Studii Politice \u015fi Economice Europene \u201eConstantin Stere\u201d (USPEE \u201eConstantin Stere\u201d)<\/strong><\/span><\/a><\/strong><span style=\"font-weight: 400\"><strong>\u00a0<\/strong>\u2013 <\/span><span style=\"font-weight: 400\">este o institu\u0163ie de \u00eenv\u0103\u0163\u0103m\u00e2nt superior din Republica Moldova.<\/span><\/p>\n<p><span style=\"font-weight: 400\">Misiunea USPEE \u201eConstantin Stere\u201d <\/span><span style=\"font-weight: 400\">este de a organiza instruirea continu\u0103 universitar\u0103 de calitate, adaptat\u0103 standardelor europene \u015fi de a efectua cercet\u0103ri \u015ftiin\u0163ifice pentru a contribui la implementarea paradigmei tranzi\u0163iei democratice \u015fi concep\u0163iei integr\u0103rii europene a Republicii Moldova.<\/span><\/p>\n<p><span style=\"font-weight: 400\">\u00cen anul 2016 a fost semnat <i>Acordul de Colaborare<\/i> \u00eentre Institutul de Standardizare din Moldova \u0219i USPEE \u201eConstantin Stere\u201d.<\/span>[\/vc_column_text][\/vc_column_inner][\/vc_row_inner][vc_row_inner][vc_column_inner width=&#8221;3\/12&#8243;][vc_single_image image=&#8221;8070&#8243; img_size=&#8221;large&#8221; parallax_scroll=&#8221;no&#8221;][\/vc_column_inner][vc_column_inner width=&#8221;9\/12&#8243;][vc_column_text text_larger=&#8221;no&#8221;]<a href=\"https:\/\/ceee.md\/\"><b>Centrul de Excelen\u021b\u0103 \u00een Energetic\u0103 \u0219i Electronic\u0103\u00a0(CEEE)<\/b><\/a><b> <span style=\"font-weight: 400\">\u2013 <\/span><\/b><span style=\"font-weight: 400\">este o <\/span><span style=\"font-weight: 400\">institu\u021bie de \u00eenv\u0103\u021b\u0103m\u00eent mediu de specialitate din Republica Moldova, axat\u0103 pe instruirea \u00een<\/span> <span style=\"font-weight: 400\">energetic\u0103, telecomunica\u021bii, electronic\u0103 \u0219i calculatoare.<\/span><\/p>\n<p><span style=\"font-weight: 400\">Misiunea CEEE este \u2013<\/span><span style=\"font-weight: 400\"> formarea unei personalit\u0103\u021bi integre \u0219i dezvoltarea competen\u021belor profesionale, pentru a face fa\u021b\u0103 cerin\u021belor actuale \u0219i de perspectiv\u0103 ale pie\u021bei for\u021bei de munc\u0103 locale \u0219i interna\u021bionale<\/span><\/p>\n<p><span style=\"font-weight: 400\">\u00cen anul 2016 a fost semnat <i>Acordul de Colaborare<\/i> \u00eentre Institutul de Standardizare din Moldova \u0219i Centrul de Excelen\u021b\u0103 \u00een Energetic\u0103 \u0219i Electronic\u0103.<\/span>[\/vc_column_text][\/vc_column_inner][\/vc_row_inner][vc_row_inner][vc_column_inner width=&#8221;3\/12&#8243;][vc_single_image image=&#8221;8071&#8243; img_size=&#8221;large&#8221; parallax_scroll=&#8221;no&#8221;][\/vc_column_inner][vc_column_inner width=&#8221;9\/12&#8243;][vc_column_text text_larger=&#8221;no&#8221;]<strong><a href=\"https:\/\/utm.md\/\">Universitatea Tehnic\u0103 din Moldova\u00a0(UTM)<\/a><\/strong><span style=\"font-weight: 400\"> \u2013 <\/span>este unica institu\u0163ie de \u00eenv\u0103\u0163\u0103m\u00e2nt superior tehnic, acreditat\u0103 de Stat, \u00een Republica Moldova.<\/p>\n<p><span style=\"font-weight: 400\">Misiunea UTM este de a oferi studii de calitate, prin \u00eembinarea educa\u0163iei, cercet\u0103rii \u015fi inova\u0163iei, genera\u0163iei tinere, care va contribui la edificarea unei societ\u0103\u0163i \u015fi economii durabile bazate pe cunoa\u015ftere, \u015fi de a forma personalitatea studentului de tip creativ \u015fi critic.<\/span><\/p>\n<p><span style=\"font-weight: 400\">\u00cen anul 2016 a fost semnat <i>Acordul de Colaborare <\/i>\u00eentre Institutul de Standardizare din Moldova \u0219i Universitatea Tehnic\u0103 din Moldova.<\/span>[\/vc_column_text][\/vc_column_inner][\/vc_row_inner][vc_row_inner][vc_column_inner width=&#8221;3\/12&#8243;][vc_single_image image=&#8221;11828&#8243; img_size=&#8221;large&#8221; parallax_scroll=&#8221;no&#8221;][\/vc_column_inner][vc_column_inner width=&#8221;9\/12&#8243;][vc_column_text text_larger=&#8221;no&#8221;]<\/p>\n<p style=\"font-weight: 400\"><strong><a href=\"http:\/\/chamber.md\/\">Camera de Comer\u021b \u0219i Industrie a Republicii Moldova (CCI a RM)<\/a><\/strong> <span style=\"font-weight: 400\">\u2013<\/span> este o organiza\u0163ie nonguvernamental\u0103, autonom\u0103 \u015fi independent\u0103 care reprezint\u0103 interesele \u00een ansamblu ale \u00eentreprinz\u0103torilor din Republica Moldova. Camera este persoan\u0103 juridic\u0103 de drept public \u015fi \u00een aceast\u0103 calitate beneficiaz\u0103 de sus\u0163inerea statului.<\/p>\n<p style=\"font-weight: 400\">CCI a RM are misiunea de creare a unui mediu \u015fi a unei comunit\u0103\u0163i de afaceri \u00een societate \u015fi reprezentarea interesele membrilor s\u0103i \u00een sistemul rela\u0163iilor economice externe ale Republicii Moldova, \u00een rela\u0163iile membrilor cu autorit\u0103\u0163ile guvernamentale \u015fi cu cercurile str\u0103ine de afaceri .<\/p>\n<p style=\"font-weight: 400\"><span style=\"font-weight: 400\">\u00cen anul 2017 a fost semnat <\/span><i><span style=\"font-weight: 400\">Acordul de Colaborare<\/span><\/i><span style=\"font-weight: 400\"> \u00eentre Institutul de Standardizare din Moldova \u0219i <\/span><span style=\"font-weight: 400\">Camera de Comer\u021b \u0219i Industrie a Republicii Moldova.<\/span><\/p>\n<p>[\/vc_column_text][\/vc_column_inner][\/vc_row_inner][vc_row_inner][vc_column_inner width=&#8221;3\/12&#8243;][vc_single_image image=&#8221;8072&#8243; img_size=&#8221;large&#8221; parallax_scroll=&#8221;no&#8221;][\/vc_column_inner][vc_column_inner width=&#8221;9\/12&#8243;][vc_column_text text_larger=&#8221;no&#8221;]<strong><a href=\"https:\/\/www.facebook.com\/ADTM.MD\/\">Asocia\u021bia de Dezvoltare a Turismului \u00een Moldova\u00a0(ADTM)<\/a><\/strong><span style=\"font-weight: 400\"> \u2013 <\/span><span style=\"font-weight: 400\">este organiza\u021bie ob\u0219teasc\u0103 neguvernamental\u0103 independent\u0103 din Republica Moldova.\u00a0<\/span><\/p>\n<p><span style=\"font-weight: 400\">ADTM<\/span><span style=\"font-weight: 400\">\u00a0este specializata in ac\u021biuni de promovare a sectorului turistic, dezvoltarea abilitatilor profesionale, cercetarea fenomenelor turistice, \u00eencurajarea parteneriatelor pentru destina\u021biile din Moldova.<\/span><\/p>\n<p><span style=\"font-weight: 400\">\u00cen anul 2020 a fost semnat <\/span><i><span style=\"font-weight: 400\">Acordul de Colaborare<\/span><\/i><span style=\"font-weight: 400\"> \u00eentre Institutul de Standardizare din Moldova \u0219i Asocia\u021bia de Dezvoltare a Turismului \u00een Moldova.<\/span>[\/vc_column_text][\/vc_column_inner][\/vc_row_inner][vc_row_inner][vc_column_inner width=&#8221;3\/12&#8243;][vc_single_image image=&#8221;8073&#8243; img_size=&#8221;large&#8221; parallax_scroll=&#8221;no&#8221;][\/vc_column_inner][vc_column_inner width=&#8221;9\/12&#8243;][vc_column_text text_larger=&#8221;no&#8221;]<a href=\"http:\/\/www.ceef.md\/\"><strong>Centrul de Excelen\u021b\u0103 \u00een Economie \u0219i Finan\u021be\u00a0(CEEF)<\/strong><\/a><span style=\"font-weight: 400\"> \u2013<\/span><\/p>\n<p><span style=\"font-weight: 400\">este una dintre institu\u021biile de \u00eenv\u0103\u021b\u0103m\u00e2nt profesional tehnic din Republica Moldova, \u0219i totodat\u0103 este cea mai veche institu\u0163ie de \u00eenv\u0103\u0163\u0103m\u00e2nt economico-financiar din Republica Moldova.<\/span><\/p>\n<p><span style=\"font-weight: 400\">Scopul de baz\u0103 al CEEF se reflect \u00een <\/span><span style=\"font-weight: 400\">valorificarea maxim\u0103 a poten\u021bialului fiec\u0103rui copil.<\/span><\/p>\n<p><span style=\"font-weight: 400\">\u00cen anul 2020 a fost semnat <\/span><i><span style=\"font-weight: 400\">Acordul de Colaborare<\/span><\/i><span style=\"font-weight: 400\"> \u00eentre Institutul de Standardizare din Moldova \u0219i Centrul de Excelen\u021b\u0103 \u00een Economie \u0219i Finan\u021be.<\/span><\/p>\n<p><span style=\"font-weight: 400\">\u00a0<\/span>[\/vc_column_text][\/vc_column_inner][\/vc_row_inner][vc_row_inner][vc_column_inner width=&#8221;3\/12&#8243;][vc_single_image image=&#8221;11813&#8243; img_size=&#8221;large&#8221; parallax_scroll=&#8221;no&#8221;][\/vc_column_inner][vc_column_inner width=&#8221;9\/12&#8243;][vc_column_text text_larger=&#8221;no&#8221;]<a href=\"https:\/\/cned.gov.md\/\"><strong>Centrul Na\u021bional pentru Energie Durabil\u0103 (CNED)<\/strong><\/a><span style=\"font-weight: 400\"> \u2013 <\/span><span style=\"font-weight: 400\">este o autoritate administrativ\u0103 \u00een subordinea Ministerului Infrastructurii \u0219i Dezvolt\u0103rii Regionale a Republicii Moldova.<\/span><\/p>\n<p><span style=\"font-weight: 400\">AEE are misiunea de a implementa politica de stat \u00een domeniul eficien\u021bei energetice, performan\u021bei energetice a cl\u0103dirilor, precum \u0219i al valorific\u0103rii surselor de energie regenerabil\u0103, inclusiv prin atragerea \u0219i gestionarea resurselor financiare \u00een vederea finan\u021b\u0103rii proiectelor \u00een domeniile respective \u00eentr-un mod durabil din punctul de vedere al mediului \u00eenconjur\u0103tor \u015fi al schimb\u0103rilor climatice.<\/span><\/p>\n<p><span style=\"font-weight: 400\">\u00cen anul 2021 a fost semnat <\/span><i><span style=\"font-weight: 400\">Acordul de Colaborare<\/span><\/i><span style=\"font-weight: 400\"> \u00eentre Institutul de Standardizare din Moldova \u0219i Agen\u021bia pentru Eficien\u021b\u0103 Energetic\u0103.<\/span>[\/vc_column_text][\/vc_column_inner][\/vc_row_inner][vc_row_inner][vc_column_inner width=&#8221;3\/12&#8243;][vc_single_image image=&#8221;8487&#8243; img_size=&#8221;large&#8221; parallax_scroll=&#8221;no&#8221;][\/vc_column_inner][vc_column_inner width=&#8221;9\/12&#8243;][vc_column_text text_larger=&#8221;no&#8221;]<strong><a href=\"https:\/\/ieg.md\/\">Institutul de Ecologie \u015fi Geografie al Academiei de \u015etiin\u0163e a Moldovei<\/a><\/strong> a fost \u00eenfiin\u0163at \u00een conformitate cu Hot\u0103r\u00e2rea Guvernului Republicii Moldova \u201eCu privire la m\u0103surile de optimizare a infrastructurii sferei \u015ftiin\u0163ei \u015fi inov\u0103rii&#8221; nr.1326, din 14 decembrie 2005, prin contopirea Institutului Na\u0163ional de Ecologie al Ministerului Ecologiei \u015fi Resurselor Naturale \u015fi Institutului de Geografie al A.\u015e.M. \u015fi se afl\u0103 \u00een subordonare dubl\u0103.<\/p>\n<p>Direc\u0163iile principale de cercetare:<\/p>\n<ul>\n<li>Dinamica \u015fi evolu\u0163ia geo- \u015fi ecosistemelor naturale \u015fi antropizate \u00een context local, regional \u015fi transfrontier;<\/li>\n<li>Elaborarea sistemului geoinforma\u0163ional de mediu \u015fi de resurse naturale;<\/li>\n<li>Monitoringul integrat de mediu \u015fi reconstruc\u0163ia ecologic\u0103.<\/li>\n<\/ul>\n<p>[\/vc_column_text][\/vc_column_inner][\/vc_row_inner][vc_row_inner][vc_column_inner width=&#8221;3\/12&#8243;][vc_single_image image=&#8221;8074&#8243; img_size=&#8221;large&#8221; parallax_scroll=&#8221;no&#8221;][\/vc_column_inner][vc_column_inner width=&#8221;9\/12&#8243;][vc_column_text text_larger=&#8221;no&#8221;]<a href=\"https:\/\/energetica.md\/\"><strong>Institutul de Energetic\u0103<\/strong><\/a><span style=\"font-weight: 400\"> \u2013 <\/span><span style=\"font-weight: 400\">este o institu\u021bie public\u0103 <\/span><span style=\"font-weight: 400\">din domeniile cercet\u0103rii \u015fi inov\u0103rii din Republica Moldova, al c\u0103rui fondator este\u00a0Ministerului Educa\u021biei, Culturii \u0219i Cercet\u0103rii.<\/span><\/p>\n<p><span style=\"font-weight: 400\">Misiunea Institutului de Energetic\u0103 este suportul \u015ftiin\u0163ific privind sporirea securit\u0103\u0163ii energetice, dezvoltarea \u015fi func\u0163ionarea eficient\u0103 a complexului energetic al Republicii Moldova \u00een condi\u0163iile liberaliz\u0103rii pie\u0163ei energiei \u015fi major\u0103rii cotei de utilizare a resurselor regenerabile de energie, contribu\u0163ia la procesul de integrare regional\u0103 \u015fi european\u0103 a sistemului energetic na\u021bional.<\/span><\/p>\n<p><span style=\"font-weight: 400\">\u00cen anul 2021 a fost semnat <\/span><i><span style=\"font-weight: 400\">Acordul trilateral de Colaborare<\/span><\/i><span style=\"font-weight: 400\"> \u00eentre Institutul de Standardizare din Moldova, Institutul de Energetic\u0103 \u0219i Universitatea Tehnic\u0103 din Moldova.<\/span>[\/vc_column_text][\/vc_column_inner][\/vc_row_inner][vc_row_inner][vc_column_inner width=&#8221;3\/12&#8243;][vc_single_image image=&#8221;12407&#8243; img_size=&#8221;large&#8221; parallax_scroll=&#8221;no&#8221;][\/vc_column_inner][vc_column_inner width=&#8221;9\/12&#8243;][vc_column_text text_larger=&#8221;no&#8221;]<a href=\"https:\/\/www.ecc.md\/\"><strong>Centrul European al Consumatorului din Republica Moldova (ECC Moldova)<\/strong><\/a> &#8211; este o organiza\u021bie non-guvernamental\u0103 dedicat\u0103 protej\u0103rii drepturilor consumatorilor.<\/p>\n<p>\u00cen anul 2024 a fost semnat Acordul de Colaborare \u00eentre Institutul de Standardizare \u0219i Centrul European al Consumatorului din Republica Moldova.[\/vc_column_text][\/vc_column_inner][\/vc_row_inner][vc_row_inner][vc_column_inner width=&#8221;3\/12&#8243;][vc_single_image image=&#8221;12406&#8243; img_size=&#8221;large&#8221; parallax_scroll=&#8221;no&#8221;][\/vc_column_inner][vc_column_inner width=&#8221;9\/12&#8243;][vc_column_text text_larger=&#8221;no&#8221;]<a href=\"https:\/\/aipa.gov.md\/\"><strong>Agen\u021bia de Interven\u021bie \u0219i Pl\u0103\u021bi pentru Agricultur\u0103 (AIPA)<\/strong><\/a> &#8211; este o institu\u021bie public\u0103 ce are menirea de a gestiona resursele Fondului Na\u021bional de Dezvoltare a Agriculturii \u0219i Mediului Rural, precum \u0219i resursele partenerilor de dezvoltare alocate spre administrare \u0219i de a realiza m\u0103surile de interven\u021bie pentru sectorul agricol.<\/p>\n<p>\u00cen anul 2024 a fost semnat Acordul de Colaborare \u00eentre Institutul de Standardizare \u0219i Agen\u021bia de Interven\u021bie \u0219i Pl\u0103\u021bi pentru Agricultur\u0103.[\/vc_column_text][\/vc_column_inner][\/vc_row_inner][\/vc_tta_section][vc_tta_section title=&#8221;Bilateral\u0103&#8221; tab_id=&#8221;1606890117290-e325ec76-54f1&#8243;][vc_row_inner][vc_column_inner width=&#8221;3\/12&#8243;][vc_single_image image=&#8221;3963&#8243; img_size=&#8221;large&#8221; parallax_scroll=&#8221;no&#8221;][\/vc_column_inner][vc_column_inner width=&#8221;9\/12&#8243;][vc_column_text text_larger=&#8221;no&#8221;]<strong><a href=\"http:\/\/www.asro.ro\/\" target=\"_blank\" rel=\"noopener noreferrer\">Asocia\u021bia de Standardizare\u00a0din Rom\u00e2nia (ASRO)<\/a>\u00a0<\/strong>&#8211; a fost creat\u0103 \u00een 1998, continu\u00e2nd atribu\u021biile \u0219i obiectivele \u00een domeniul standardiz\u0103rii ale Institutului Rom\u00e2n de Standardizare \u00eenfiin\u021bat \u00een anul 1970.<\/p>\n<p>Principalele atribu\u021bii ale\u00a0<a href=\"http:\/\/www.asro.ro\/\">ASRO<\/a>:<br \/>\n&#8211; stabilirea principiilor \u0219i metodologiei standardiz\u0103rii na\u021bionale rom\u00e2ne;<br \/>\n&#8211; elaborarea \u0219i aprobarea standardelor na\u021bionale \u0219i participarea la activitatea de standardizare european\u0103 \u0219i interna\u021bional\u0103;<br \/>\n&#8211; gestionarea fondului documentar de standarde \u015fi publica\u0163ii din domeniul standardiz\u0103rii na\u0163ionale \u015fi interna\u0163ionale;<br \/>\n&#8211; asigurarea inform\u0103rii publice \u00een domeniul standardiz\u0103rii na\u0163ionale;<br \/>\n&#8211; editarea, publicarea \u015fi difuzarea standardelor \u015fi a publica\u0163iilor standardiz\u0103rii;<br \/>\n&#8211; reprezint\u0103 ISO \u015fi IEC \u00een Rom\u00e2nia \u015fi ap\u0103r\u0103 drepturile de autor asupra standardelor interna\u0163ionale adoptate;<br \/>\n&#8211; oferirea de produse \u015fi servicii utilizatorilor de standarde \u00een scopul satisfacerii necesit\u0103\u0163ilor acestora;<br \/>\n&#8211; promovarea respect\u0103rii dreptului de copyright asupra standardelor europene adoptate.<\/p>\n<p><span style=\"font-weight: 400\">\u00cen anul 2013 a fost semnat <\/span><i><span style=\"font-weight: 400\">Acordul de parteneriat \u00een domeniul standardiz\u0103rii<\/span><\/i><span style=\"font-weight: 400\">\u00a0\u00eentre Institutul de Standardizare din Moldova \u0219i Asocia\u021bia de Standardizare din Rom\u00e2nia.<\/span>[\/vc_column_text][\/vc_column_inner][\/vc_row_inner][vc_row_inner][vc_column_inner width=&#8221;3\/12&#8243;][vc_single_image image=&#8221;3964&#8243; img_size=&#8221;large&#8221; parallax_scroll=&#8221;no&#8221;][\/vc_column_inner][vc_column_inner width=&#8221;9\/12&#8243;][vc_column_text text_larger=&#8221;no&#8221;]<a href=\"http:\/\/www.astm.org\/\" target=\"_blank\" rel=\"noopener noreferrer\"><strong>Societatea American\u0103 pentru \u00cencerc\u0103ri \u0219i Materiale (ASTM International)<\/strong><strong>\u00a0<\/strong><\/a>&#8211; a fost fondat\u0103 \u00een 1898.<\/p>\n<p>ASTM International este un lider recunoscut la nivel global \u00een ceea ce prive\u015fte elaborarea \u015fi furnizarea standardelor pentru materiale, produse, sisteme \u0219i servicii \u00een diferite domenii.<\/p>\n<p><span style=\"font-weight: 400\">\u00cen anul 2013 a fost semnat <\/span><i><span style=\"font-weight: 400\">Memorandumul de \u00cen\u0163elegere<\/span><\/i><span style=\"font-weight: 400\">\u00a0\u00eentre Institutul de Standardizare din Moldova \u0219i Societatea American\u0103 pentru \u00cencerc\u0103ri \u0219i Materiale.<\/span>[\/vc_column_text][\/vc_column_inner][\/vc_row_inner][vc_row_inner][vc_column_inner width=&#8221;3\/12&#8243;][vc_single_image image=&#8221;3965&#8243; img_size=&#8221;large&#8221; parallax_scroll=&#8221;no&#8221;][\/vc_column_inner][vc_column_inner width=&#8221;9\/12&#8243;][vc_column_text text_larger=&#8221;no&#8221;]<strong><a href=\"http:\/\/geostm.ge\/\" target=\"_blank\" rel=\"noopener noreferrer\">Agen\u021bia Na\u021bional\u0103 pentru Standardizare \u0219i Metrologie din Georgia (GeoSTM)<\/a>\u00a0<\/strong><strong>&#8211;<\/strong>\u00a0a fost creat\u0103 \u00een 2012, continu\u00e2nd atribu\u021biile \u00een domeniul standardiz\u0103rii ale\u00a0Agen\u021biei Na\u021bionale pentru Standarde, Reglementare Tehnic\u0103 \u0219i Metrologie din Georgia\u00a0 \u00eenfiin\u021bat\u0103 \u00een anul 2005 cu statut de persoan\u0103 juridic\u0103 de drept public.<\/p>\n<p>Principalele activit\u0103\u021bi ale GeoSTM sunt:<br \/>\n&#8211; organizarea activit\u0103\u021bii de standardizare \u0219i metrologie na\u021bional\u0103 prin elaborarea actelor normative \u0219i legislative \u00een aceste domenii;<br \/>\n&#8211; elaborarea standardelor fundamentale \u00een diverse domenii;<br \/>\n&#8211; elaborarea reglement\u0103rilor metodologice obligatorii \u00een domeniul standardiz\u0103rii \u0219i metrologiei;<br \/>\n&#8211; elaborarea celorlalte reglement\u0103ri tehnice normative;<br \/>\n&#8211; reprezentarea Georgiei \u00een organiza\u021biile interna\u021bionale \u0219i regionale de standardizare \u0219i metrologie.<\/p>\n<p><span style=\"font-weight: 400\">\u00cen anul 2017 a fost semnat <\/span><i><span style=\"font-weight: 400\">Acordul de Colaborare<\/span><\/i><span style=\"font-weight: 400\">\u00a0\u00eentre Institutul de Standardizare din Moldova \u0219i Agen\u021bia Na\u021bional\u0103 pentru Standardizare \u0219i Metrologie din Georgia.<\/span>[\/vc_column_text][\/vc_column_inner][\/vc_row_inner][vc_row_inner][vc_column_inner width=&#8221;3\/12&#8243;][vc_single_image image=&#8221;3966&#8243; img_size=&#8221;large&#8221; parallax_scroll=&#8221;no&#8221;][\/vc_column_inner][vc_column_inner width=&#8221;9\/12&#8243;][vc_column_text text_larger=&#8221;no&#8221;]<strong><a href=\"http:\/\/uas.org.ua\/ua\/\" target=\"_blank\" rel=\"noopener noreferrer\">Agen\u021bia de Standardizare din Ucraina (UAS)<\/a><\/strong>\u00a0&#8211;\u00a0 a fost \u00eenfiin\u021bat\u0103 la 3 ianuarie 2015 \u00een conformitate cu prima parte a articolului 11 din lege, Ministerul Dezvolt\u0103rii Economice din Ucraina.<\/p>\n<p>Principalele atribu\u021bii ale UAS sunt:<br \/>\n&#8211; organizarea \u0219i coordonarea activit\u0103\u021bilor privind elaborarea, adoptarea, verificarea, revizuirea, abrogarea \u0219i restabilirea standardelor na\u021bionale;<br \/>\n&#8211; preg\u0103tirea \u0219i aprobarea programului de lucru privind standardizarea na\u021bional\u0103;<br \/>\n&#8211; coordonarea activit\u0103\u021bilor comitetelor tehnice de standardizare;<br \/>\n&#8211; publicarea standardelor na\u021bionale;<br \/>\n&#8211; formarea \u0219i \u00eentre\u021binerea fondului na\u021bional de documente normative;<br \/>\n&#8211; asigurarea func\u021bion\u0103rii \u0219i dezvolt\u0103rii sistemului na\u021bional de standardizare,\u00a0 armonizarea standardelor na\u021bionale cu o coordonare interna\u021bional\u0103 \u0219i european\u0103 a comitetului na\u021bional de standardizare tehnic\u0103 (TC);<br \/>\n&#8211; certificarea produselor, serviciilor \u0219i sistemelor de control;<br \/>\n&#8211; evaluarea conformit\u0103\u021bii produselor cu reglement\u0103rile tehnice;<br \/>\n&#8211; formarea \u0219i perfec\u021bionarea speciali\u0219tilor \u00een domeniul sistemelor de standardizare, certificare, metrologie \u0219i de management, preg\u0103tirea cadrelor \u0219tiin\u021bifice de \u00eenalt\u0103 calificare.<\/p>\n<p><span style=\"font-weight: 400\">\u00cen anul 2017 a fost semnat <\/span><i><span style=\"font-weight: 400\">Acordul de Colaborare<\/span><\/i><span style=\"font-weight: 400\">\u00a0\u00eentre Institutul de Standardizare din Moldova \u0219i Agen\u021bia de Standardizare din Ucraina.<\/span>[\/vc_column_text][\/vc_column_inner][\/vc_row_inner][vc_row_inner][vc_column_inner width=&#8221;3\/12&#8243;][vc_single_image image=&#8221;3968&#8243; img_size=&#8221;large&#8221; parallax_scroll=&#8221;no&#8221;][\/vc_column_inner][vc_column_inner width=&#8221;9\/12&#8243;][vc_column_text text_larger=&#8221;no&#8221;]<\/p>\n<p style=\"font-weight: 400\"><strong><a href=\"http:\/\/www.lsd.lt\/\">Organismul de standardizare din Lituania (LST)<\/a><\/strong>\u00a0&#8211; a fost \u00eenfiin\u021bat la 25 aprilie 1990 de c\u0103tre Guvernul Republicii Lituania. LST este o institu\u021bie bugetar\u0103 care func\u021bioneaz\u0103 ca organism na\u021bional de standardizare,\u00a0 particip\u00e2nd \u00een limitele competen\u021bei sale la stabilirea \u0219i implementarea politicii guvernului lituanian \u00een domeniul standardiz\u0103rii.<\/p>\n<p style=\"font-weight: 400\">LST dezvolt\u0103 \u0219i \u00eembun\u0103t\u0103\u021be\u0219te sistemul na\u021bional de standardizare, \u00eenfiin\u021beaz\u0103 comitetele tehnice pentru a elabora proiecte de standarde \u0219i coordoneaz\u0103 activit\u0103\u021bile lor, stabile\u0219te proceduri pentru adoptarea standardelor interna\u021bionale \u0219i europene ca standarde lituaniene, adopt\u0103, public\u0103 \u0219i distribuie standardele lituaniene \u0219i alte rezultate aplicate.<\/p>\n<p style=\"font-weight: 400\"><span style=\"font-weight: 400\">\u00cen anul 2017 a fost semnat <\/span><i><span style=\"font-weight: 400\">Acordul de Colaborare<\/span><\/i><span style=\"font-weight: 400\">\u00a0\u00eentre Institutul de Standardizare din Moldova \u0219i Organismul de Standardizare din Lituania.<\/span><\/p>\n<p>[\/vc_column_text][\/vc_column_inner][\/vc_row_inner][vc_row_inner][vc_column_inner width=&#8221;3\/12&#8243;][vc_single_image image=&#8221;3969&#8243; img_size=&#8221;large&#8221; parallax_scroll=&#8221;no&#8221;][\/vc_column_inner][vc_column_inner width=&#8221;9\/12&#8243;][vc_column_text text_larger=&#8221;no&#8221;]<\/p>\n<p style=\"font-weight: 400\"><strong><a href=\"http:\/\/www.unmz.cz\/office\/competence\">Oficiul pentru Standardizare, Metrologie \u0219i Testare din Republica Ceh\u0103 (UNMZ)<\/a><\/strong>\u00a0&#8211; a fost \u00eenfiin\u021bat la 1 ianuarie 2009, iar printre principalele responsabilit\u0103\u021bi sunt protec\u021bia organiz\u0103rii administra\u021biei de stat \u00een domeniul standardiz\u0103rii tehnice, metrologiei \u0219i \u00eencerc\u0103rilor.<\/p>\n<p style=\"font-weight: 400\">UNMZ exercit\u0103 competen\u021ba statului \u00een urm\u0103toarele domenii: standardizarea tehnic\u0103, metrologie, testare \u0219i armonizare a reglement\u0103rilor tehnice.<\/p>\n<p style=\"font-weight: 400\"><span style=\"font-weight: 400\">\u00cen anul 2017 a fost semnat <\/span><i><span style=\"font-weight: 400\">Memorandumul de \u00een\u021belegere \u0219i cooperare<\/span><\/i><span style=\"font-weight: 400\">\u00a0\u00eentre Institutul de Standardizare din Moldova \u0219i Oficiul pentru Standardizare, Metrologie \u0219i Testare din Republica Ceh\u0103.<\/span><\/p>\n<p>[\/vc_column_text][\/vc_column_inner][\/vc_row_inner][vc_row_inner][vc_column_inner width=&#8221;3\/12&#8243;][vc_single_image image=&#8221;3970&#8243; img_size=&#8221;large&#8221; parallax_scroll=&#8221;no&#8221;][\/vc_column_inner][vc_column_inner width=&#8221;9\/12&#8243;][vc_column_text text_larger=&#8221;no&#8221;]<\/p>\n<p style=\"font-weight: 400\"><strong><a href=\"https:\/\/www.lvs.lv\/\">Organismul de standardizare din Letonia (LVS)<\/a>\u00a0<\/strong><strong>&#8211;\u00a0<\/strong>este o societate cu r\u0103spundere limitat\u0103, \u00eenfiin\u021bat\u0103 dup\u0103 reorganizarea Centrului Na\u021bional de Standardizare \u0219i Metrologie, atunci c\u00e2nd LVS \u0219i-a asumat drepturi \u0219i obliga\u021bii \u00een domeniul standardiz\u0103rii.<\/p>\n<p style=\"font-weight: 400\">Misiunea LVS \u00een calitate de organiza\u021bie na\u021bional\u0103 de standardizare este de a direc\u021biona \u0219i coordona procesul de elaborare a standardelor \u00een Letonia pentru a oferi economiei na\u021bionale informa\u021bii din domeniul standardiz\u0103rii.<\/p>\n<p><span style=\"font-weight: 400\">\u00cen\u00a0 anul 2017 a fost semnat <\/span><i><span style=\"font-weight: 400\">Acordul de Colaborare<\/span><\/i><span style=\"font-weight: 400\">\u00a0\u00eentre Institutul de Standardizare din Moldova \u0219i Organismul de Standardizare din Letonia<\/span><span style=\"font-weight: 400\">.<\/span>[\/vc_column_text][\/vc_column_inner][\/vc_row_inner][\/vc_tta_section][\/vc_tta_tabs][\/vc_column][\/vc_row]<\/p>","protected":false},"excerpt":{"rendered":"<p>[vc_row][vc_column][vc_tta_tabs][vc_tta_section title=&#8221;Interna\u0163ional\u0103&#8221; tab_id=&#8221;1606890117290-1e6e06ac-86a0&#8243;][vc_row_inner][vc_column_inner width=&#8221;3\/12&#8243;][vc_single_image image=&#8221;3419&#8243; img_size=&#8221;large&#8221; parallax_scroll=&#8221;no&#8221;][\/vc_column_inner][vc_column_inner width=&#8221;9\/12&#8243;][vc_column_text text_larger=&#8221;no&#8221;]Organiza\u0163ia Interna\u0163ional\u0103 de Standardizare (ISO)\u00a0&#8211; este o organiza\u021bie interna\u021bional\u0103, non-guvernamental\u0103 instituit\u0103 \u00een<\/p>\n","protected":false},"author":3,"featured_media":0,"parent":3212,"menu_order":0,"comment_status":"closed","ping_status":"closed","template":"","meta":[],"yoast_head":"<!-- This site is optimized with the Yoast SEO plugin v18.1 - https:\/\/yoast.com\/wordpress\/plugins\/seo\/ -->\n<title>Cooperare de standardizare - Standard<\/title>\n<meta name=\"robots\" content=\"index, follow, max-snippet:-1, max-image-preview:large, max-video-preview:-1\" \/>\n<link rel=\"canonical\" href=\"https:\/\/standard.md\/?page_id=3255\" \/>\n<meta property=\"og:locale\" content=\"ro_RO\" \/>\n<meta property=\"og:type\" content=\"article\" \/>\n<meta property=\"og:title\" content=\"Cooperare de standardizare - Standard\" \/>\n<meta property=\"og:description\" content=\"[vc_row][vc_column][vc_tta_tabs][vc_tta_section title=&#8221;Interna\u0163ional\u0103&#8221; tab_id=&#8221;1606890117290-1e6e06ac-86a0&#8243;][vc_row_inner][vc_column_inner width=&#8221;3\/12&#8243;][vc_single_image image=&#8221;3419&#8243; img_size=&#8221;large&#8221; parallax_scroll=&#8221;no&#8221;][\/vc_column_inner][vc_column_inner width=&#8221;9\/12&#8243;][vc_column_text text_larger=&#8221;no&#8221;]Organiza\u0163ia Interna\u0163ional\u0103 de Standardizare (ISO)\u00a0&#8211; este o organiza\u021bie interna\u021bional\u0103, non-guvernamental\u0103 instituit\u0103 \u00een\" \/>\n<meta property=\"og:url\" content=\"https:\/\/standard.md\/?page_id=3255\" \/>\n<meta property=\"og:site_name\" content=\"Standard\" \/>\n<meta property=\"article:modified_time\" content=\"2025-06-06T11:15:02+00:00\" \/>\n<meta property=\"og:image\" content=\"https:\/\/standard.md\/wp-content\/uploads\/2023\/05\/macheta-omenirea-comunica-prin-standarde.jpg\" \/>\n\t<meta property=\"og:image:width\" content=\"1920\" \/>\n\t<meta property=\"og:image:height\" content=\"1080\" \/>\n\t<meta property=\"og:image:type\" content=\"image\/jpeg\" \/>\n<meta name=\"twitter:card\" content=\"summary_large_image\" \/>\n<meta name=\"twitter:label1\" content=\"Timp estimat pentru citire\" \/>\n\t<meta name=\"twitter:data1\" content=\"20 de minute\" \/>\n<script type=\"application\/ld+json\" class=\"yoast-schema-graph\">{\"@context\":\"https:\/\/schema.org\",\"@graph\":[{\"@type\":\"Organization\",\"@id\":\"https:\/\/standard.md\/#organization\",\"name\":\"ISM\",\"url\":\"https:\/\/standard.md\/\",\"sameAs\":[],\"logo\":{\"@type\":\"ImageObject\",\"@id\":\"https:\/\/standard.md\/#logo\",\"inLanguage\":\"ro-RO\",\"url\":\"https:\/\/standard.md\/wp-content\/uploads\/2022\/09\/logo-ism.jpg\",\"contentUrl\":\"https:\/\/standard.md\/wp-content\/uploads\/2022\/09\/logo-ism.jpg\",\"width\":200,\"height\":200,\"caption\":\"ISM\"},\"image\":{\"@id\":\"https:\/\/standard.md\/#logo\"}},{\"@type\":\"WebSite\",\"@id\":\"https:\/\/standard.md\/#website\",\"url\":\"https:\/\/standard.md\/\",\"name\":\"Standard\",\"description\":\"Institutul de Standardizare din Moldova\",\"publisher\":{\"@id\":\"https:\/\/standard.md\/#organization\"},\"potentialAction\":[{\"@type\":\"SearchAction\",\"target\":{\"@type\":\"EntryPoint\",\"urlTemplate\":\"https:\/\/standard.md\/?s={search_term_string}\"},\"query-input\":\"required name=search_term_string\"}],\"inLanguage\":\"ro-RO\"},{\"@type\":\"WebPage\",\"@id\":\"https:\/\/standard.md\/?page_id=3255#webpage\",\"url\":\"https:\/\/standard.md\/?page_id=3255\",\"name\":\"Cooperare de standardizare - Standard\",\"isPartOf\":{\"@id\":\"https:\/\/standard.md\/#website\"},\"datePublished\":\"2020-06-10T02:06:38+00:00\",\"dateModified\":\"2025-06-06T11:15:02+00:00\",\"breadcrumb\":{\"@id\":\"https:\/\/standard.md\/?page_id=3255#breadcrumb\"},\"inLanguage\":\"ro-RO\",\"potentialAction\":[{\"@type\":\"ReadAction\",\"target\":[\"https:\/\/standard.md\/index.php?rest_route=%2Fwp%2Fv2%2Fpages%2F3255\"]}]},{\"@type\":\"BreadcrumbList\",\"@id\":\"https:\/\/standard.md\/?page_id=3255#breadcrumb\",\"itemListElement\":[{\"@type\":\"ListItem\",\"position\":1,\"name\":\"Prima pagin\u0103\",\"item\":\"https:\/\/standard.md\/\"},{\"@type\":\"ListItem\",\"position\":2,\"name\":\"\u0421\u0442\u0430\u043d\u0434\u0430\u0440\u0442\u0438\u0437\u0430\u0446\u0438\u044f\",\"item\":\"https:\/\/standard.md\/?page_id=3212\"},{\"@type\":\"ListItem\",\"position\":3,\"name\":\"Cooperare de standardizare\"}]}]}<\/script>\n<!-- \/ Yoast SEO plugin. -->","yoast_head_json":{"title":"Cooperare de standardizare - Standard","robots":{"index":"index","follow":"follow","max-snippet":"max-snippet:-1","max-image-preview":"max-image-preview:large","max-video-preview":"max-video-preview:-1"},"canonical":"https:\/\/standard.md\/?page_id=3255","og_locale":"ro_RO","og_type":"article","og_title":"Cooperare de standardizare - Standard","og_description":"[vc_row][vc_column][vc_tta_tabs][vc_tta_section title=&#8221;Interna\u0163ional\u0103&#8221; tab_id=&#8221;1606890117290-1e6e06ac-86a0&#8243;][vc_row_inner][vc_column_inner width=&#8221;3\/12&#8243;][vc_single_image image=&#8221;3419&#8243; img_size=&#8221;large&#8221; parallax_scroll=&#8221;no&#8221;][\/vc_column_inner][vc_column_inner width=&#8221;9\/12&#8243;][vc_column_text text_larger=&#8221;no&#8221;]Organiza\u0163ia Interna\u0163ional\u0103 de Standardizare (ISO)\u00a0&#8211; este o organiza\u021bie interna\u021bional\u0103, non-guvernamental\u0103 instituit\u0103 \u00een","og_url":"https:\/\/standard.md\/?page_id=3255","og_site_name":"Standard","article_modified_time":"2025-06-06T11:15:02+00:00","og_image":[{"width":1920,"height":1080,"url":"https:\/\/standard.md\/wp-content\/uploads\/2023\/05\/macheta-omenirea-comunica-prin-standarde.jpg","type":"image\/jpeg"}],"twitter_card":"summary_large_image","twitter_misc":{"Timp estimat pentru citire":"20 de minute"},"schema":{"@context":"https:\/\/schema.org","@graph":[{"@type":"Organization","@id":"https:\/\/standard.md\/#organization","name":"ISM","url":"https:\/\/standard.md\/","sameAs":[],"logo":{"@type":"ImageObject","@id":"https:\/\/standard.md\/#logo","inLanguage":"ro-RO","url":"https:\/\/standard.md\/wp-content\/uploads\/2022\/09\/logo-ism.jpg","contentUrl":"https:\/\/standard.md\/wp-content\/uploads\/2022\/09\/logo-ism.jpg","width":200,"height":200,"caption":"ISM"},"image":{"@id":"https:\/\/standard.md\/#logo"}},{"@type":"WebSite","@id":"https:\/\/standard.md\/#website","url":"https:\/\/standard.md\/","name":"Standard","description":"Institutul de Standardizare din Moldova","publisher":{"@id":"https:\/\/standard.md\/#organization"},"potentialAction":[{"@type":"SearchAction","target":{"@type":"EntryPoint","urlTemplate":"https:\/\/standard.md\/?s={search_term_string}"},"query-input":"required name=search_term_string"}],"inLanguage":"ro-RO"},{"@type":"WebPage","@id":"https:\/\/standard.md\/?page_id=3255#webpage","url":"https:\/\/standard.md\/?page_id=3255","name":"Cooperare de standardizare - Standard","isPartOf":{"@id":"https:\/\/standard.md\/#website"},"datePublished":"2020-06-10T02:06:38+00:00","dateModified":"2025-06-06T11:15:02+00:00","breadcrumb":{"@id":"https:\/\/standard.md\/?page_id=3255#breadcrumb"},"inLanguage":"ro-RO","potentialAction":[{"@type":"ReadAction","target":["https:\/\/standard.md\/index.php?rest_route=%2Fwp%2Fv2%2Fpages%2F3255"]}]},{"@type":"BreadcrumbList","@id":"https:\/\/standard.md\/?page_id=3255#breadcrumb","itemListElement":[{"@type":"ListItem","position":1,"name":"Prima pagin\u0103","item":"https:\/\/standard.md\/"},{"@type":"ListItem","position":2,"name":"\u0421\u0442\u0430\u043d\u0434\u0430\u0440\u0442\u0438\u0437\u0430\u0446\u0438\u044f","item":"https:\/\/standard.md\/?page_id=3212"},{"@type":"ListItem","position":3,"name":"Cooperare de standardizare"}]}]}},"_links":{"self":[{"href":"https:\/\/standard.md\/index.php?rest_route=\/wp\/v2\/pages\/3255"}],"collection":[{"href":"https:\/\/standard.md\/index.php?rest_route=\/wp\/v2\/pages"}],"about":[{"href":"https:\/\/standard.md\/index.php?rest_route=\/wp\/v2\/types\/page"}],"author":[{"embeddable":true,"href":"https:\/\/standard.md\/index.php?rest_route=\/wp\/v2\/users\/3"}],"replies":[{"embeddable":true,"href":"https:\/\/standard.md\/index.php?rest_route=%2Fwp%2Fv2%2Fcomments&post=3255"}],"version-history":[{"count":71,"href":"https:\/\/standard.md\/index.php?rest_route=\/wp\/v2\/pages\/3255\/revisions"}],"predecessor-version":[{"id":12842,"href":"https:\/\/standard.md\/index.php?rest_route=\/wp\/v2\/pages\/3255\/revisions\/12842"}],"up":[{"embeddable":true,"href":"https:\/\/standard.md\/index.php?rest_route=\/wp\/v2\/pages\/3212"}],"wp:attachment":[{"href":"https:\/\/standard.md\/index.php?rest_route=%2Fwp%2Fv2%2Fmedia&parent=3255"}],"curies":[{"name":"wp","href":"https:\/\/api.w.org\/{rel}","templated":true}]}}